{"id":1382,"date":"2018-09-04T12:16:29","date_gmt":"2018-09-04T10:16:29","guid":{"rendered":"https:\/\/www.espace-saint-ignace.fr\/wp\/?page_id=1382"},"modified":"2025-10-08T15:44:34","modified_gmt":"2025-10-08T13:44:34","slug":"chaque-mois-une-nouvelle-video-surprise","status":"publish","type":"page","link":"https:\/\/www.espace-saint-ignace.fr\/?page_id=1382","title":{"rendered":"IGGY&rsquo;S PLAYLIST"},"content":{"rendered":"\n<h1 class=\"wp-block-heading titre-pole06\">Un rendez-vous mensuel \u00e0 ne pas manquer !<\/h1>\n\n\n\n<div class=\"pt-cv-wrapper\"><div class=\"pt-cv-view pt-cv-grid pt-cv-colsys\" id=\"pt-cv-view-42b073drk7\"><div data-id=\"pt-cv-page-1\" class=\"pt-cv-page\" data-cvc=\"1\"><div class=\"col-md-12 col-sm-6 col-xs-12 pt-cv-content-item pt-cv-1-col\"  data-pid=\"2181\"><div class='pt-cv-ifield'><h5 class=\"pt-cv-title\"><a href=\"https:\/\/www.espace-saint-ignace.fr\/?p=2181\" class=\"_self cvplbd\" target=\"_self\" >JUILLET-AO\u00dbT : des id\u00e9es pour l&rsquo;\u00e9t\u00e9<\/a><\/h5>\n<a href=\"https:\/\/www.espace-saint-ignace.fr\/?p=2181\" class=\"_self pt-cv-href-thumbnail pt-cv-thumb-default cvplbd\" target=\"_self\" ><img loading=\"lazy\" decoding=\"async\" width=\"300\" height=\"200\" src=\"https:\/\/www.espace-saint-ignace.fr\/wp-content\/uploads\/2018\/12\/bel-\u00e9t\u00e9-\u00e0-tous-750x500-300x200.jpg\" class=\"pt-cv-thumbnail img-none\" alt=\"JUILLET-AO\u00dbT : des id\u00e9es pour l&#039;\u00e9t\u00e9\" srcset=\"https:\/\/www.espace-saint-ignace.fr\/wp-content\/uploads\/2018\/12\/bel-\u00e9t\u00e9-\u00e0-tous-750x500-300x200.jpg 300w, https:\/\/www.espace-saint-ignace.fr\/wp-content\/uploads\/2018\/12\/bel-\u00e9t\u00e9-\u00e0-tous-750x500.jpg 750w\" sizes=\"auto, (max-width: 300px) 100vw, 300px\" \/><\/a>\n<div class=\"pt-cv-content\">Le temps des vacances est venu et la playlist s'arr\u00eate... Mais o\u00f9 est donc pass\u00e9 Iggy ? Pour retrouver, cet \u00e9t\u00e9, Iggy et ses compagnons, que vous soyez \u00e0 Lyon, \u00e0 la campagne, \u00e0 la montagne ou \u00e0 la mer, voici <span style=\"color: #000080;\"><strong>quelques id\u00e9es de lecture.<\/strong><\/span> ...<\/div><\/div><\/div>\n<div class=\"col-md-12 col-sm-6 col-xs-12 pt-cv-content-item pt-cv-1-col\"  data-pid=\"2243\"><div class='pt-cv-ifield'><h5 class=\"pt-cv-title\"><a href=\"https:\/\/www.espace-saint-ignace.fr\/?p=2243\" class=\"_self cvplbd\" target=\"_self\" >JUIN : le r\u00eave de St Fran\u00e7ois Xavier<\/a><\/h5>\n<a href=\"https:\/\/www.espace-saint-ignace.fr\/?p=2243\" class=\"_self pt-cv-href-thumbnail pt-cv-thumb-default cvplbd\" target=\"_self\" ><iframe loading=\"lazy\" title=\"Pater\" width=\"300\" height=\"225\" src=\"https:\/\/www.youtube.com\/embed\/M-MjpdngTi8?feature=oembed\" frameborder=\"0\" allow=\"accelerometer; autoplay; clipboard-write; encrypted-media; gyroscope; picture-in-picture; web-share\" referrerpolicy=\"strict-origin-when-cross-origin\" allowfullscreen><\/iframe><\/a>\n<div class=\"pt-cv-content\"><span style=\"color: #485b93;\">Avec le mois de juin, notre playlist touche \u00e0 sa fin. Pour la derni\u00e8re vid\u00e9o, nous allons partir \u00e0 la rencontre de jeunes successeurs de St Fran\u00e7ois Xavier en Extr\u00eame-Orient.<\/span> <span style=\"color: #485b93;\">Quand celui-ci meurt en 1552 sur l\u2019\u00eele de Shang Chuan, face \u00e0 la Chine continentale, ...<\/span><\/div><\/div><\/div>\n<div class=\"col-md-12 col-sm-6 col-xs-12 pt-cv-content-item pt-cv-1-col\"  data-pid=\"2040\"><div class='pt-cv-ifield'><h5 class=\"pt-cv-title\"><a href=\"https:\/\/www.espace-saint-ignace.fr\/?p=2040\" class=\"_self cvplbd\" target=\"_self\" >MAI : quand l&rsquo;espoir rena\u00eet aux p\u00e9riph\u00e9ries<\/a><\/h5>\n<a href=\"https:\/\/www.espace-saint-ignace.fr\/?p=2040\" class=\"_self pt-cv-href-thumbnail pt-cv-thumb-default cvplbd\" target=\"_self\" ><img loading=\"lazy\" decoding=\"async\" width=\"300\" height=\"200\" src=\"https:\/\/www.espace-saint-ignace.fr\/wp-content\/uploads\/2018\/12\/Dzaleka-JWL-750x500-300x200.jpg\" class=\"pt-cv-thumbnail img-none\" alt=\"MAI : quand l&#039;espoir rena\u00eet aux p\u00e9riph\u00e9ries\" srcset=\"https:\/\/www.espace-saint-ignace.fr\/wp-content\/uploads\/2018\/12\/Dzaleka-JWL-750x500-300x200.jpg 300w, https:\/\/www.espace-saint-ignace.fr\/wp-content\/uploads\/2018\/12\/Dzaleka-JWL-750x500.jpg 750w\" sizes=\"auto, (max-width: 300px) 100vw, 300px\" \/><\/a>\n<div class=\"pt-cv-content\"><span style=\"color: #485b93;\">Et si, cette fois-ci, on commen\u00e7ait par bien regarder la photo d\u2019ent\u00eate\u2026 Aussi incroyable que cela puisse sembler, cette photo de remise de dipl\u00f4mes universitaires n\u2019a pas \u00e9t\u00e9 prise sur un campus am\u00e9ricain ou europ\u00e9en, mais dans le camp de r\u00e9fugi\u00e9s de Dzaleka, au Malawi ...<\/span><\/div><\/div><\/div>\n<div class=\"col-md-12 col-sm-6 col-xs-12 pt-cv-content-item pt-cv-1-col\"  data-pid=\"2282\"><div class='pt-cv-ifield'><h5 class=\"pt-cv-title\"><a href=\"https:\/\/www.espace-saint-ignace.fr\/?p=2282\" class=\"_self cvplbd\" target=\"_self\" >AVRIL : un moment de gr\u00e2ce transmis jusqu&rsquo;\u00e0 nos jours<\/a><\/h5>\n<a href=\"https:\/\/www.espace-saint-ignace.fr\/?p=2282\" class=\"_self pt-cv-href-thumbnail pt-cv-thumb-default cvplbd\" target=\"_self\" ><img loading=\"lazy\" decoding=\"async\" width=\"300\" height=\"200\" src=\"https:\/\/www.espace-saint-ignace.fr\/wp-content\/uploads\/2018\/12\/Moxos-750x500-300x200.jpg\" class=\"pt-cv-thumbnail img-none\" alt=\"AVRIL : un moment de gr\u00e2ce transmis jusqu&#039;\u00e0 nos jours\" srcset=\"https:\/\/www.espace-saint-ignace.fr\/wp-content\/uploads\/2018\/12\/Moxos-750x500-300x200.jpg 300w, https:\/\/www.espace-saint-ignace.fr\/wp-content\/uploads\/2018\/12\/Moxos-750x500.jpg 750w\" sizes=\"auto, (max-width: 300px) 100vw, 300px\" \/><\/a>\n<div class=\"pt-cv-content\"><span style=\"color: #485b93;\">Ce mois-ci, nous allons d\u00e9couvrir un groupe de jeunes musiciens \u00abignaciens\u00bb, en ce sens qu\u2019ils habitent une petite ville de l\u2019Amazonie bolivienne appel\u00e9e \u00abSan Ignacio de Moxos\u00bb. <\/span><span style=\"color: #485b93;\">Notons que le \"x\" de Moxos ne se prononce pas \"ks\", car cela vient du 18\u00e8me si\u00e8cle o\u00f9 ...<\/span><\/div><\/div><\/div>\n<div class=\"col-md-12 col-sm-6 col-xs-12 pt-cv-content-item pt-cv-1-col\"  data-pid=\"2038\"><div class='pt-cv-ifield'><h5 class=\"pt-cv-title\"><a href=\"https:\/\/www.espace-saint-ignace.fr\/?p=2038\" class=\"_self cvplbd\" target=\"_self\" >MARS : un r\u00e9pertoire \u00ab\u00a0vintage\u00a0\u00bb \u00e0 red\u00e9couvrir<\/a><\/h5>\n<a href=\"https:\/\/www.espace-saint-ignace.fr\/?p=2038\" class=\"_self pt-cv-href-thumbnail pt-cv-thumb-default cvplbd\" target=\"_self\" ><img loading=\"lazy\" decoding=\"async\" width=\"300\" height=\"200\" src=\"https:\/\/www.espace-saint-ignace.fr\/wp-content\/uploads\/2018\/11\/P\u00e8reDuval-750x500-300x200.jpg\" class=\"pt-cv-thumbnail img-none\" alt=\"MARS : un r\u00e9pertoire &quot;vintage&quot; \u00e0 red\u00e9couvrir\" srcset=\"https:\/\/www.espace-saint-ignace.fr\/wp-content\/uploads\/2018\/11\/P\u00e8reDuval-750x500-300x200.jpg 300w, https:\/\/www.espace-saint-ignace.fr\/wp-content\/uploads\/2018\/11\/P\u00e8reDuval-750x500.jpg 750w\" sizes=\"auto, (max-width: 300px) 100vw, 300px\" \/><\/a>\n<div class=\"pt-cv-content\"><p><span style=\"color: #485b93;\">A la fin des ann\u00e9es 1950 et au d\u00e9but de la d\u00e9cennie suivante, un j\u00e9suite, le p\u00e8re Aim\u00e9 Duval, a connu un immense succ\u00e8s populaire comme auteur-compositeur.\u00a0Il chantait la vie quotidienne car, disait-il, il ne faut pas \u00abchercher le Bon Dieu dans les nuages\u00bb : ...<\/span><\/p><\/div><\/div><\/div>\n<div class=\"col-md-12 col-sm-6 col-xs-12 pt-cv-content-item pt-cv-1-col\"  data-pid=\"1990\"><div class='pt-cv-ifield'><h5 class=\"pt-cv-title\"><a href=\"https:\/\/www.espace-saint-ignace.fr\/?p=1990\" class=\"_self cvplbd\" target=\"_self\" >F\u00c9VRIER : du bharatanatyam pour Kolkata<\/a><\/h5>\n<a href=\"https:\/\/www.espace-saint-ignace.fr\/?p=1990\" class=\"_self pt-cv-href-thumbnail pt-cv-thumb-default cvplbd\" target=\"_self\" ><img loading=\"lazy\" decoding=\"async\" width=\"300\" height=\"200\" src=\"https:\/\/www.espace-saint-ignace.fr\/wp-content\/uploads\/2018\/11\/lej\u00e9suitedansant-750x500-300x200.jpg\" class=\"pt-cv-thumbnail img-none\" alt=\"F\u00c9VRIER : du bharatanatyam pour Kolkata\" srcset=\"https:\/\/www.espace-saint-ignace.fr\/wp-content\/uploads\/2018\/11\/lej\u00e9suitedansant-750x500-300x200.jpg 300w, https:\/\/www.espace-saint-ignace.fr\/wp-content\/uploads\/2018\/11\/lej\u00e9suitedansant-750x500.jpg 750w\" sizes=\"auto, (max-width: 300px) 100vw, 300px\" \/><\/a>\n<div class=\"pt-cv-content\"><span style=\"color: #485b93;\">Chercher Dieu \u00ab\u00a0en toutes choses\u00a0\u00bb a conduit le j\u00e9suite indien George Saju \u00e0 pratiquer un style de danse sacr\u00e9e traditionnel en Inde, le bharatanatyam. C\u2019est ainsi qu\u2019il est devenu \u00ab\u00a0le j\u00e9suite dansant\u00a0\u00bb. Lors d\u2019une messe c\u00e9l\u00e9br\u00e9e en 1999 \u00e0 New-Delhi par le pape Jean-Paul II ...<\/span><\/div><\/div><\/div>\n<div class=\"col-md-12 col-sm-6 col-xs-12 pt-cv-content-item pt-cv-1-col\"  data-pid=\"1951\"><div class='pt-cv-ifield'><h5 class=\"pt-cv-title\"><a href=\"https:\/\/www.espace-saint-ignace.fr\/?p=1951\" class=\"_self cvplbd\" target=\"_self\" >JANVIER : des mots qui franchissent temps et fronti\u00e8res&#8230;<\/a><\/h5>\n<a href=\"https:\/\/www.espace-saint-ignace.fr\/?p=1951\" class=\"_self pt-cv-href-thumbnail pt-cv-thumb-default cvplbd\" target=\"_self\" ><img loading=\"lazy\" decoding=\"async\" width=\"300\" height=\"200\" src=\"https:\/\/www.espace-saint-ignace.fr\/wp-content\/uploads\/2018\/10\/enamorate-750x500-300x200.jpg\" class=\"pt-cv-thumbnail img-none\" alt=\"JANVIER : des mots qui franchissent temps et fronti\u00e8res...\" srcset=\"https:\/\/www.espace-saint-ignace.fr\/wp-content\/uploads\/2018\/10\/enamorate-750x500-300x200.jpg 300w, https:\/\/www.espace-saint-ignace.fr\/wp-content\/uploads\/2018\/10\/enamorate-750x500.jpg 750w\" sizes=\"auto, (max-width: 300px) 100vw, 300px\" \/><\/a>\n<div class=\"pt-cv-content\"><span style=\"color: #485b93;\"> C\u2019est du Mexique que vient le clip de ce mois-ci \u2026m\u00eame si c\u2019est aux USA que le p\u00e8re Arrupe a prononc\u00e9 (dans les ann\u00e9es 1970 et en anglais) les paroles que chantent (aujourd\u2019hui, en espagnol) quelques jeunes se pr\u00e9parant \u00e0 entrer au noviciat j\u00e9suite ...<\/span><\/div><\/div><\/div>\n<div class=\"col-md-12 col-sm-6 col-xs-12 pt-cv-content-item pt-cv-1-col\"  data-pid=\"1487\"><div class='pt-cv-ifield'><h5 class=\"pt-cv-title\"><a href=\"https:\/\/www.espace-saint-ignace.fr\/?p=1487\" class=\"_self cvplbd\" target=\"_self\" >D\u00c9CEMBRE : un c\u00e9l\u00e8bre no\u00ebl j\u00e9suite am\u00e9rindien<\/a><\/h5>\n<a href=\"https:\/\/www.espace-saint-ignace.fr\/?p=1487\" class=\"_self pt-cv-href-thumbnail pt-cv-thumb-default cvplbd\" target=\"_self\" ><img loading=\"lazy\" decoding=\"async\" width=\"300\" height=\"200\" src=\"https:\/\/www.espace-saint-ignace.fr\/wp-content\/uploads\/2018\/08\/HuronCarol-750x500-300x200.jpg\" class=\"pt-cv-thumbnail img-none\" alt=\"D\u00c9CEMBRE : un c\u00e9l\u00e8bre no\u00ebl j\u00e9suite am\u00e9rindien\" srcset=\"https:\/\/www.espace-saint-ignace.fr\/wp-content\/uploads\/2018\/08\/HuronCarol-750x500-300x200.jpg 300w, https:\/\/www.espace-saint-ignace.fr\/wp-content\/uploads\/2018\/08\/HuronCarol-750x500.jpg 750w\" sizes=\"auto, (max-width: 300px) 100vw, 300px\" \/><\/a>\n<div class=\"pt-cv-content\"><span style=\"color: #485b93;\"> Le plus ancien chant de no\u00ebl canadien, connu sous le nom de \"Huron Carol\", a \u00e9t\u00e9 \u00e9crit vers 1640 par un missionnaire j\u00e9suite fran\u00e7ais, Jean de Br\u00e9beuf, pour la petite communaut\u00e9 qu\u2019il avait convertie au sein du peuple wendat (appel\u00e9 \u00ab Hurons \u00bb par ...<\/span><\/div><\/div><\/div>\n<div class=\"col-md-12 col-sm-6 col-xs-12 pt-cv-content-item pt-cv-1-col\"  data-pid=\"1215\"><div class='pt-cv-ifield'><h5 class=\"pt-cv-title\"><a href=\"https:\/\/www.espace-saint-ignace.fr\/?p=1215\" class=\"_self cvplbd\" target=\"_self\" >NOVEMBRE : on chante en zoulou dans le 9-3<\/a><\/h5>\n<a href=\"https:\/\/www.espace-saint-ignace.fr\/?p=1215\" class=\"_self pt-cv-href-thumbnail pt-cv-thumb-default cvplbd\" target=\"_self\" ><img loading=\"lazy\" decoding=\"async\" width=\"300\" height=\"200\" src=\"https:\/\/www.espace-saint-ignace.fr\/wp-content\/uploads\/2018\/08\/ukuthula-750x500-300x200.jpg\" class=\"pt-cv-thumbnail img-none\" alt=\"NOVEMBRE : on chante en zoulou dans le 9-3\" srcset=\"https:\/\/www.espace-saint-ignace.fr\/wp-content\/uploads\/2018\/08\/ukuthula-750x500-300x200.jpg 300w, https:\/\/www.espace-saint-ignace.fr\/wp-content\/uploads\/2018\/08\/ukuthula-750x500.jpg 750w\" sizes=\"auto, (max-width: 300px) 100vw, 300px\" \/><\/a>\n<div class=\"pt-cv-content\"><span style=\"color: #485b93;\">Dans une cit\u00e9 HLM de Saint-Denis (93) est implant\u00e9e une communaut\u00e9 j\u00e9suite qui a pris le nom de \u00abSt Alberto Hurtado\u00bb, en signe de son engagement dans l\u2019apostolat social. Un jeune j\u00e9suite de cette communaut\u00e9 a mont\u00e9, en 2016, une chorale gospel appel\u00e9e \u00abDiony\u2019s Voice\u00bb ...<\/span><\/div><\/div><\/div>\n<div class=\"col-md-12 col-sm-6 col-xs-12 pt-cv-content-item pt-cv-1-col\"  data-pid=\"1187\"><div class='pt-cv-ifield'><h5 class=\"pt-cv-title\"><a href=\"https:\/\/www.espace-saint-ignace.fr\/?p=1187\" class=\"_self cvplbd\" target=\"_self\" >OCTOBRE : una camioneta \u2026para \u00ab\u00a0amar y servir\u00a0\u00bb<\/a><\/h5>\n<a href=\"https:\/\/www.espace-saint-ignace.fr\/?p=1187\" class=\"_self pt-cv-href-thumbnail pt-cv-thumb-default cvplbd\" target=\"_self\" ><img loading=\"lazy\" decoding=\"async\" width=\"300\" height=\"200\" src=\"https:\/\/www.espace-saint-ignace.fr\/wp-content\/uploads\/2018\/08\/camioneta-verde-750x500-300x200.jpg\" class=\"pt-cv-thumbnail img-none\" alt=\"OCTOBRE : una camioneta \u2026para \u00ab\u00a0amar y servir\u00a0\u00bb\" srcset=\"https:\/\/www.espace-saint-ignace.fr\/wp-content\/uploads\/2018\/08\/camioneta-verde-750x500-300x200.jpg 300w, https:\/\/www.espace-saint-ignace.fr\/wp-content\/uploads\/2018\/08\/camioneta-verde-750x500.jpg 750w\" sizes=\"auto, (max-width: 300px) 100vw, 300px\" \/><\/a>\n<div class=\"pt-cv-content\"><span style=\"color: #485b93;\">Ce mois-ci, notre vid\u00e9o \u00e9voque, sur un petit air sud-am\u00e9ricain, la vie d\u2019un j\u00e9suite chilien, mort en 1952 et canonis\u00e9 en 2005 : \u00a0Alberto Hurtado. Elle nous arrive de \u00ab\u00a0Hogar de Cristo\u00a0\u00bb (le foyer du Christ), l\u2019oeuvre qu\u2019il avait cr\u00e9\u00e9e pour accueillir les plus pauvres.<\/span> ...<\/div><\/div><\/div>\n<div class=\"col-md-12 col-sm-6 col-xs-12 pt-cv-content-item pt-cv-1-col\"  data-pid=\"39\"><div class='pt-cv-ifield'><h5 class=\"pt-cv-title\"><a href=\"https:\/\/www.espace-saint-ignace.fr\/?p=39\" class=\"_self cvplbd\" target=\"_self\" >SEPTEMBRE :      un rap   &#8230;garanti \u00ab\u00a0100% ignatien\u00a0\u00bb<\/a><\/h5>\n<a href=\"https:\/\/www.espace-saint-ignace.fr\/?p=39\" class=\"_self pt-cv-href-thumbnail pt-cv-thumb-default cvplbd\" target=\"_self\" ><img loading=\"lazy\" decoding=\"async\" width=\"300\" height=\"200\" src=\"https:\/\/www.espace-saint-ignace.fr\/wp-content\/uploads\/2018\/08\/IGGYsRAP-750x500-300x200.jpg\" class=\"pt-cv-thumbnail img-none\" alt=\"SEPTEMBRE :      un rap   ...garanti &quot;100% ignatien&quot;\" srcset=\"https:\/\/www.espace-saint-ignace.fr\/wp-content\/uploads\/2018\/08\/IGGYsRAP-750x500-300x200.jpg 300w, https:\/\/www.espace-saint-ignace.fr\/wp-content\/uploads\/2018\/08\/IGGYsRAP-750x500.jpg 750w\" sizes=\"auto, (max-width: 300px) 100vw, 300px\" \/><\/a>\n<div class=\"pt-cv-content\"><span style=\"color: #485b93;\">On d\u00e9marre tr\u00e8s fort, avec un rap qui nous vient de l'universit\u00e9 j\u00e9suite de Fairfield sur la c\u00f4te nord-est des Etats-Unis. Avant de se lancer dans son rap qui va nous raconter la vie d'Ignace, le rappeur dit : \"Qui je suis ? \u00a0Mais... Iggy!\".<\/span> ...<\/div><\/div><\/div><\/div><\/div><\/div>\t\t\t<style type=\"text\/css\" id=\"pt-cv-inline-style-81d7eb3mlv\">#pt-cv-view-42b073drk7 .pt-cv-content-item { padding-top: 5px !important; padding-bottom: 5px !important; }\n#pt-cv-view-42b073drk7  { margin-top: 5px !important; margin-right: 0px !important; margin-bottom: 5px !important; }\n#pt-cv-view-42b073drk7 .pt-cv-ifield { padding-top: 3px !important; padding-bottom: 3px !important; }\n#pt-cv-view-42b073drk7 .pt-cv-title a, #pt-cv-view-42b073drk7  .panel-title { color: #000000 !important; font-weight: 600 !important; }\n#pt-cv-view-42b073drk7 .pt-cv-readmore  { color: #ffffff !important; background-color: #00aeef !important; }\n#pt-cv-view-42b073drk7 .pt-cv-readmore:hover  { color: #ffffff !important; background-color: #00aeef !important; }<\/style>\r\n\t\t\t\n\n\n\n<h2 class=\"wp-block-heading\"><\/h2>\n\n\n\n<p><\/p>\n","protected":false},"excerpt":{"rendered":"<p>Un rendez-vous mensuel \u00e0 ne pas manquer !<\/p>\n","protected":false},"author":1,"featured_media":0,"parent":0,"menu_order":0,"comment_status":"closed","ping_status":"closed","template":"","meta":{"footnotes":""},"class_list":["post-1382","page","type-page","status-publish","hentry"],"_links":{"self":[{"href":"https:\/\/www.espace-saint-ignace.fr\/index.php?rest_route=\/wp\/v2\/pages\/1382","targetHints":{"allow":["GET"]}}],"collection":[{"href":"https:\/\/www.espace-saint-ignace.fr\/index.php?rest_route=\/wp\/v2\/pages"}],"about":[{"href":"https:\/\/www.espace-saint-ignace.fr\/index.php?rest_route=\/wp\/v2\/types\/page"}],"author":[{"embeddable":true,"href":"https:\/\/www.espace-saint-ignace.fr\/index.php?rest_route=\/wp\/v2\/users\/1"}],"replies":[{"embeddable":true,"href":"https:\/\/www.espace-saint-ignace.fr\/index.php?rest_route=%2Fwp%2Fv2%2Fcomments&post=1382"}],"version-history":[{"count":10,"href":"https:\/\/www.espace-saint-ignace.fr\/index.php?rest_route=\/wp\/v2\/pages\/1382\/revisions"}],"predecessor-version":[{"id":6604,"href":"https:\/\/www.espace-saint-ignace.fr\/index.php?rest_route=\/wp\/v2\/pages\/1382\/revisions\/6604"}],"wp:attachment":[{"href":"https:\/\/www.espace-saint-ignace.fr\/index.php?rest_route=%2Fwp%2Fv2%2Fmedia&parent=1382"}],"curies":[{"name":"wp","href":"https:\/\/api.w.org\/{rel}","templated":true}]}}