{"id":1371,"date":"2018-09-04T12:09:39","date_gmt":"2018-09-04T10:09:39","guid":{"rendered":"https:\/\/www.espace-saint-ignace.fr\/wp\/?page_id=1371"},"modified":"2026-03-03T16:46:06","modified_gmt":"2026-03-03T15:46:06","slug":"a-la-suite-du-christ-guides-par-saint-ignace","status":"publish","type":"page","link":"https:\/\/www.espace-saint-ignace.fr\/?page_id=1371","title":{"rendered":"SPIRITUALIT\u00c9 IGNATIENNE"},"content":{"rendered":"\n<h1 class=\"wp-block-heading titre-pole03\">Communaut\u00e9 de Vie Chr\u00e9tienne&nbsp;(CVX)<\/h1>\n\n\n\n<p class=\"indent-60\">Pour rejoindre la CVX : &nbsp;un <strong>parcours d\u00e9couverte sur un an<\/strong>, en petit groupe de partage.&nbsp;<\/p>\n\n\n\n<p class=\"indent-60\"><span style=\"background-color:rgba(0, 0, 0, 0);color:#0686cf\" class=\"has-inline-color\"> <strong>Soir\u00e9es \u00ab\u00a0Open CVX\u00a0\u00bb<\/strong><\/span><strong>\u00a0: <\/strong>2 dates au choix le<strong> 13\/09\/25 <\/strong>\u00e0 <strong>16h00<\/strong> et le<strong> 17\/09\/25<\/strong>\u00a0\u00e0 <strong>19h00<\/strong>\u00a0: \u00a0<\/p>\n\n\n\n<p class=\"indent-60\"><strong><em>\u00ab\u00a0Quelle place pour le Christ dans ma vie de tous les jours ?\u00a0\u00bb <\/em><\/strong><\/p>\n\n\n\n<p class=\"indent-60\"><em>Contact en cours d&rsquo;ann\u00e9e &nbsp;: <strong><a href=\"mailto:accueilcvxlyon69@gmail.com\">accueilcvxlyon69@gmail.com<\/a><\/strong> &#8211;<strong><span style=\"color:#0882c9\" class=\"has-inline-color\"> 06 72 90 47 79<\/span><\/strong><\/em><\/p>\n\n\n\n<p><\/p>\n\n\n\n<p>&#8212;&#8212;&#8212;-<\/p>\n\n\n\n<h1 class=\"wp-block-heading titre-pole03\">Retraite dans la vie<\/h1>\n\n\n\n<p class=\"indent-60\">Un<span style=\"background-color:rgba(0, 0, 0, 0)\" class=\"has-inline-color has-vivid-cyan-blue-color\"> <strong><a href=\"https:\/\/www.espace-saint-ignace.fr\/wp-content\/uploads\/2025\/11\/2026-RETRAITE-1.jpg\">parcours de 2 mois<\/a><\/strong><\/span><span style=\"background-color:rgba(0, 0, 0, 0);color:#0071a1\" class=\"has-inline-color\"> <\/span>pour approfondir l\u2019\u00e9coute de la Parole de Dieu.<\/p>\n\n\n\n<p>Pri\u00e8re personnelle, groupes de partage, enseignements, accompagnement spirituel&#8230;Renouveler sa pr\u00e9paration aux f\u00eates pascales.<\/p>\n\n\n\n<p class=\"indent-60\">Lancement et cl\u00f4ture :&nbsp;<strong>le samedi 31 janvier et samedi 28 mars 2026 de 9h \u00e0 17h30<\/strong> <\/p>\n\n\n\n<p class=\"indent-60\">Rencontres interm\u00e9diaires en soir\u00e9e : <strong>04\/02, 19\/02, 04\/03 et le 19 mars 2026<\/strong><\/p>\n\n\n\n<p class=\"indent-60\"><em><strong><span style=\"background-color:rgba(0, 0, 0, 0);color:#090909\" class=\"has-inline-color\">Contact :<\/span><\/strong><span style=\"background-color:rgba(0, 0, 0, 0);color:#0686d0\" class=\"has-inline-color\"><strong> <a href=\"mailto:mc.fraisse@wanadoo.fr\">mc.fraisse@wanadoo.fr<\/a><\/strong><\/span><\/em><\/p>\n\n\n\n<p><strong><mark style=\"background-color:rgba(0, 0, 0, 0)\" class=\"has-inline-color has-vivid-red-color\"><a href=\"https:\/\/www.espace-saint-ignace.fr\/wp-content\/uploads\/2025\/11\/2026-RETRAITE-BULLETIN-INSCRIPTION.pdf\">Bulletin d&rsquo;inscription <\/a><\/mark><\/strong>(\u00e0 imprimer)<\/p>\n\n\n\n<p><a href=\"https:\/\/forms.gle\/h1Zixog6drwSTYMA7\"><strong>Inscription en ligne<\/strong><\/a><\/p>\n\n\n\n<p><a href=\"https:\/\/www.jesuites.com\/une-autre-maniere-de-faire-retraite\/\" data-type=\"link\" data-id=\"https:\/\/www.jesuites.com\/une-autre-maniere-de-faire-retraite\/\">Quelques t\u00e9moignages de la retraite dans la vie organis\u00e9e par C Fraisse \u00e0 l\u2019ESI.<\/a><\/p>\n\n\n\n<p>&#8212;&#8212;&#8212;-<\/p>\n\n\n\n<h1 class=\"wp-block-heading titre-pole03\">Itin\u00e9raires ignatiens <\/h1>\n\n\n\n<p class=\"indent-60\">Un <strong><span style=\"color:#0783ca\" class=\"has-inline-color\">parcours de 2 ans<\/span><\/strong> , pour avancer dans ma relation \u00e0 <strong>Dieu<\/strong> et m&rsquo;unifier dans ma vie personnelle, gr\u00e2ce \u00e0 des exercices <strong>\u00ab\u00a0Ignatiens\u00a0\u00bb<\/strong> \u00e0 vivre chez soi. Des temps de groupe o\u00f9 chacun partage ce qu&rsquo;il a d\u00e9couvert dans l&rsquo;exercice, suivi d&rsquo;un bref enseignement qui reprend et clarifie le partage, des temps de pri\u00e8re.<\/p>\n\n\n\n<h4 class=\"wp-block-heading\">R\u00e9unions d&rsquo;informations :<\/h4>\n\n\n\n<ul class=\"wp-block-list\">\n<li><strong>Jeudi 11 septembre<\/strong> <strong>2025<\/strong> \u00e0 <strong>14h<\/strong> <mark style=\"background-color:rgba(0, 0, 0, 0)\" class=\"has-inline-color has-vivid-red-color\">et\/ou<\/mark><\/li>\n\n\n\n<li><strong>Lundi 15 septembre 2025 \u00e0 19h <\/strong><\/li>\n<\/ul>\n\n\n\n<p><em><strong>Groupes les lundis en soir\u00e9e et les jeudis apr\u00e8s midi.<\/strong><\/em><\/p>\n\n\n\n<p class=\"indent-60\"><strong>Pour en savoir plus :<\/strong> <a aria-label=\" (s\u2019ouvre dans un nouvel onglet)\" href=\"http:\/\/www.itineraires-ignatiens.com\" target=\"_blank\" rel=\"noreferrer noopener\"><strong><mark style=\"background-color:rgba(0, 0, 0, 0);color:#0686d0\" class=\"has-inline-color\">www.itineraires-ignatiens.com<\/mark><\/strong><\/a><\/p>\n\n\n\n<p>&#8212;&#8212;&#8212;-<\/p>\n\n\n\n<h1 class=\"wp-block-heading titre-pole03\">Journ\u00e9e de spiritualit\u00e9<\/h1>\n\n\n\n<h3 class=\"wp-block-heading\"><em><mark style=\"background-color:rgba(0, 0, 0, 0);color:#0686d0\" class=\"has-inline-color\"><a href=\"https:\/\/www.espace-saint-ignace.fr\/wp-content\/uploads\/2025\/11\/2026-GOUJON-N\u00b02.jpg\">Comment le Christ nous met dans des relations justes \u00e0 nous m\u00eame, \u00e0 Dieu et aux autres<\/a><\/mark><\/em><\/h3>\n\n\n\n<ul class=\"wp-block-list\">\n<li><strong>Samedi 14 mars 2026 de 9h \u00e0 17h<\/strong><\/li>\n<\/ul>\n\n\n\n<p><em>Avec le P\u00e8re <strong>Patrick GOUJON<\/strong><\/em><\/p>\n\n\n\n<p><strong><mark style=\"background-color:rgba(0, 0, 0, 0);color:#0686d0\" class=\"has-inline-color\">Participation<\/mark><\/strong> : 35 \u20ac et 10 \u20ac pour les \u00e9tudiants<\/p>\n\n\n\n<p><mark style=\"background-color:rgba(0, 0, 0, 0)\" class=\"has-inline-color has-vivid-red-color\"><strong>Renseignements et inscriptions<\/strong><\/mark> aupr\u00e8s de <strong>Chantal FRAISSE<\/strong><\/p>\n\n\n\n<p><a href=\"https:\/\/www.espace-saint-ignace.fr\/wp-content\/uploads\/2025\/11\/2026-FLYERS-GOUJON.pdf\"><strong>Bulletin d&rsquo;inscription<\/strong><\/a><\/p>\n\n\n\n<p><mark style=\"background-color:rgba(0, 0, 0, 0);color:#0686d0\" class=\"has-inline-color\"><a href=\"mailto:mc.fraisse@wanadoo.fr\"><strong><em>mc.fraisse@wanadoo.fr<\/em><\/strong><\/a> <\/mark>ou 06 30 80 72 24<\/p>\n\n\n\n<p>&#8212;&#8212;&#8212;-<\/p>\n\n\n\n<h1 class=\"wp-block-heading titre-pole03\">Accompagnement personnalis\u00e9<\/h1>\n\n\n\n<p class=\"indent-60\">Un pr\u00eatre est disponible pour une <strong>\u00e9coute individuelle<\/strong> et pour le <strong>sacrement du Pardon<\/strong>,&nbsp;le dimanche de 19h \u00e0 20h (sauf l&rsquo;\u00e9t\u00e9)<\/p>\n\n\n\n<p class=\"indent-60\">Il est aussi possible de demander un <strong>accompagnement spirituel personnalis\u00e9 dans la dur\u00e9e<\/strong>, par des p\u00e8res j\u00e9suites, des religieuses et des la\u00efcs form\u00e9s. <\/p>\n\n\n\n<p class=\"indent-60\"><em><strong>Contact :<\/strong><\/em> <strong><em><span style=\"color:#0071a1\" class=\"has-inline-color\"><a href=\"mailto:accompagnement-spi@espace-saint-ignace.fr\">accompagnement-spi@espace-saint-ignace.fr<\/a><\/span><\/em><\/strong><\/p>\n\n\n\n<p>&#8212;&#8212;&#8212;-<\/p>\n\n\n\n<h1 class=\"wp-block-heading titre-pole03\">Exercice spirituel dans la rue<\/h1>\n\n\n\n<p class=\"indent-60\"><strong>Exp\u00e9rimenter une forme nouvelle d\u2019exercice spirituel<\/strong> : marcher seul(e) et en silence dans un quartier de Lyon, essayant de contempler les lieux et les gens comme J\u00e9sus lui-m\u00eame les regarde. La CVX Lyon-Sud l&rsquo;a fait et vous propose de tenter \u00e0 votre tour cette aventure int\u00e9rieure.&nbsp;<\/p>\n\n\n\n<p class=\"indent-60\">Lisez d\u2019abord l<span style=\"color:#0071a1\" class=\"has-inline-color\">\u2019<a rel=\"noreferrer noopener\" href=\"https:\/\/www.espace-saint-ignace.fr\/wp-content\/uploads\/2018\/10\/EnvoiVersExercice.pdf\" target=\"_blank\"><strong>envoi vers l\u2019Exercice<\/strong><\/a><\/span> et puis, si vous avez le go\u00fbt de faire cette exp\u00e9rience, choisissez dans le <span style=\"color:#0071a1\" class=\"has-inline-color\"><a rel=\"noreferrer noopener\" href=\"https:\/\/www.espace-saint-ignace.fr\/wp-content\/uploads\/2018\/10\/Livret-ESdanslesrues.pdf\" target=\"_blank\"><strong>livret<\/strong><\/a> <\/span>un parcours adapt\u00e9 \u00e0 vos possibilit\u00e9s de marche.<\/p>\n\n\n\n<h3 class=\"wp-block-heading\">\u2026sans oublier &nbsp;des&nbsp;cheminements sur le web avec :&nbsp;<\/h3>\n\n\n<p style=\"text-align: center;\">\n<a href=\"http:\/\/www.ndweb.org\" target=\"_blank\" rel=\"noopener noreferrer\"><br \/>\n<img loading=\"lazy\" decoding=\"async\" class=\"aligncenter wp-image-911 size-thumbnail\" src=\"https:\/\/www.espace-saint-ignace.fr\/wp-content\/uploads\/2018\/08\/logo-ndweb-150x150.jpg\" alt=\"\" width=\"150\" height=\"150\" srcset=\"https:\/\/www.espace-saint-ignace.fr\/wp-content\/uploads\/2018\/08\/logo-ndweb-150x150.jpg 150w, https:\/\/www.espace-saint-ignace.fr\/wp-content\/uploads\/2018\/08\/logo-ndweb-100x100.jpg 100w, https:\/\/www.espace-saint-ignace.fr\/wp-content\/uploads\/2018\/08\/logo-ndweb-45x45.jpg 45w, https:\/\/www.espace-saint-ignace.fr\/wp-content\/uploads\/2018\/08\/logo-ndweb.jpg 250w\" sizes=\"auto, (max-width: 150px) 100vw, 150px\" \/><br \/>\n<\/a>\n<\/p>","protected":false},"excerpt":{"rendered":"<p>Communaut\u00e9 de Vie Chr\u00e9tienne&nbsp;(CVX) Pour rejoindre la CVX : &nbsp;un parcours d\u00e9couverte sur un an, en petit groupe de partage.&nbsp; Soir\u00e9es \u00ab\u00a0Open CVX\u00a0\u00bb\u00a0: 2 dates au choix le 13\/09\/25 \u00e0 16h00 et le 17\/09\/25\u00a0\u00e0 19h00\u00a0: \u00a0 \u00ab\u00a0Quelle place pour le Christ dans ma vie de tous les jours ?\u00a0\u00bb Contact en cours d&rsquo;ann\u00e9e &nbsp;: accueilcvxlyon69@gmail.com [&hellip;]<\/p>\n","protected":false},"author":1,"featured_media":0,"parent":0,"menu_order":0,"comment_status":"closed","ping_status":"closed","template":"","meta":{"footnotes":""},"class_list":["post-1371","page","type-page","status-publish","hentry"],"_links":{"self":[{"href":"https:\/\/www.espace-saint-ignace.fr\/index.php?rest_route=\/wp\/v2\/pages\/1371","targetHints":{"allow":["GET"]}}],"collection":[{"href":"https:\/\/www.espace-saint-ignace.fr\/index.php?rest_route=\/wp\/v2\/pages"}],"about":[{"href":"https:\/\/www.espace-saint-ignace.fr\/index.php?rest_route=\/wp\/v2\/types\/page"}],"author":[{"embeddable":true,"href":"https:\/\/www.espace-saint-ignace.fr\/index.php?rest_route=\/wp\/v2\/users\/1"}],"replies":[{"embeddable":true,"href":"https:\/\/www.espace-saint-ignace.fr\/index.php?rest_route=%2Fwp%2Fv2%2Fcomments&post=1371"}],"version-history":[{"count":210,"href":"https:\/\/www.espace-saint-ignace.fr\/index.php?rest_route=\/wp\/v2\/pages\/1371\/revisions"}],"predecessor-version":[{"id":6936,"href":"https:\/\/www.espace-saint-ignace.fr\/index.php?rest_route=\/wp\/v2\/pages\/1371\/revisions\/6936"}],"wp:attachment":[{"href":"https:\/\/www.espace-saint-ignace.fr\/index.php?rest_route=%2Fwp%2Fv2%2Fmedia&parent=1371"}],"curies":[{"name":"wp","href":"https:\/\/api.w.org\/{rel}","templated":true}]}}