{"id":1252,"date":"2018-09-03T18:36:56","date_gmt":"2018-09-03T16:36:56","guid":{"rendered":"https:\/\/www.espace-saint-ignace.fr\/wp\/?page_id=1252"},"modified":"2026-04-09T14:41:18","modified_gmt":"2026-04-09T12:41:18","slug":"tmp-2","status":"publish","type":"page","link":"https:\/\/www.espace-saint-ignace.fr\/?page_id=1252","title":{"rendered":"PRI\u00c8RE"},"content":{"rendered":"\n<p><span style=\"font-weight: bold; font-style: italic; color: rgb(203, 35, 35);\" class=\"has-inline-color\">EUCHARISTIE<\/span><\/p>\n\n\n\n<ul class=\"wp-block-list\">\n<li><strong>Du lundi au samedi<\/strong> : messe \u00e0 <strong>7h30<\/strong> et \u00e0 <strong>12h10<\/strong>.<\/li>\n\n\n\n<li><strong>Dimanche<\/strong> messe \u00e0 <strong>7h30<\/strong> et \u00e0 <strong>9h45<\/strong>.<\/li>\n<\/ul>\n\n\n\n<p><strong><em><span style=\"color:#c62222\" class=\"has-inline-color\">MESSE DU DIMANCHE SOIR<\/span><\/em><\/strong><\/p>\n\n\n\n<ul class=\"wp-block-list\">\n<li>Sp\u00e9ciale jeunes : <strong>20h <\/strong>(sauf en \u00e9t\u00e9)<\/li>\n<\/ul>\n\n\n\n<p><strong><em><span style=\"color:#cd2c2c\" class=\"has-inline-color\">SACREMENT DE R\u00c9CONCILIATION<\/span><\/em><\/strong><\/p>\n\n\n\n<p>Un pr\u00eatre est disponible pour une \u00e9coute individuelle et pour le sacrement du Pardon.<\/p>\n\n\n\n<ul class=\"wp-block-list\">\n<li>Le dimanche<strong> de 19h00 \u00e0 20h00<\/strong> (sauf l&rsquo;\u00e9t\u00e9)<\/li>\n<\/ul>\n\n\n\n<p><em><strong><span style=\"color:#d12424\" class=\"has-inline-color\">ACCOMPAGNEMENT PERSONNEL<\/span><\/strong><\/em><\/p>\n\n\n\n<ul class=\"wp-block-list\">\n<li><em>contact<\/em> : <em><strong><a href=\"mailto:accompagnement-spi@espace-saint-ignace.fr\">accompagnement-spi@espace-saint-ignace.fr<\/a><\/strong><\/em><\/li>\n<\/ul>\n\n\n\n<p><em><strong><span style=\"color:#cb2020\" class=\"has-inline-color\">PRI\u00c8RE DE TAIZ\u00c9<\/span><\/strong><\/em><\/p>\n\n\n\n<ul class=\"wp-block-list\">\n<li>le <strong>3\u00e8me mercredi du mois \u00e0 19h00<\/strong><\/li>\n<\/ul>\n\n\n\n<p><em>contact : Alain Garcia &#8211; 06 13 31 29 28<\/em><\/p>\n\n\n\n<p><strong><em><span style=\"color:#cd2525\" class=\"has-inline-color\">TEMPS LITURGIQUE DE L&rsquo;AVENT<\/span><\/em><\/strong><\/p>\n\n\n\n<ul class=\"wp-block-list\">\n<li><strong>Vendredi <mark style=\"background-color:rgba(0, 0, 0, 0)\" class=\"has-inline-color has-vivid-red-color\">28<\/mark> novembre : <\/strong>Place d&rsquo;Isa\u00efe en Avent avec le P. Maurice Gilbert sj<\/li>\n\n\n\n<li><strong>Vendredi <mark style=\"background-color:rgba(0, 0, 0, 0)\" class=\"has-inline-color has-vivid-red-color\">5<\/mark> d\u00e9cembre : <\/strong>Jean Baptiste &amp; J\u00e9sus similitudes et diff\u00e9rences avec le P. Martin Pochon sj<\/li>\n\n\n\n<li><strong>Vendredi <mark style=\"background-color:rgba(0, 0, 0, 0)\" class=\"has-inline-color has-vivid-red-color\">12<\/mark> d\u00e9cembre :<\/strong> Lectures comment\u00e9es avec le P. Michel Corbin sj<\/li>\n\n\n\n<li><strong>Vendredi <mark style=\"background-color:rgba(0, 0, 0, 0)\" class=\"has-inline-color has-vivid-red-color\">19<\/mark> d\u00e9cembre :<\/strong> Lecture comment\u00e9e du passage Mt. 1,18-24, le songe de Joseph avec le P. Michel kobik sj<\/li>\n<\/ul>\n\n\n\n<figure class=\"wp-block-image size-large is-resized\"><img loading=\"lazy\" decoding=\"async\" width=\"1024\" height=\"724\" src=\"https:\/\/www.espace-saint-ignace.fr\/wp-content\/uploads\/2025\/08\/2025-AVENT-1024x724.jpg\" alt=\"\" class=\"wp-image-6531\" style=\"aspect-ratio:1.4143646408839778;width:457px;height:auto\" srcset=\"https:\/\/www.espace-saint-ignace.fr\/wp-content\/uploads\/2025\/08\/2025-AVENT-1024x724.jpg 1024w, https:\/\/www.espace-saint-ignace.fr\/wp-content\/uploads\/2025\/08\/2025-AVENT-300x212.jpg 300w, https:\/\/www.espace-saint-ignace.fr\/wp-content\/uploads\/2025\/08\/2025-AVENT-768x543.jpg 768w, https:\/\/www.espace-saint-ignace.fr\/wp-content\/uploads\/2025\/08\/2025-AVENT-1536x1086.jpg 1536w, https:\/\/www.espace-saint-ignace.fr\/wp-content\/uploads\/2025\/08\/2025-AVENT.jpg 1754w\" sizes=\"auto, (max-width: 1024px) 100vw, 1024px\" \/><\/figure>\n\n\n\n<p><strong><em><span style=\"color:#cd2525\" class=\"has-inline-color\">TEMPS LITURGIQUE DU CAR\u00caME<\/span><\/em><\/strong><\/p>\n\n\n\n<ul class=\"wp-block-list\">\n<li>Les vendredis de <strong>12h45 \u00e0 13h15<\/strong><\/li>\n<\/ul>\n\n\n\n<p><strong>Juste apr\u00e8s la messe de<\/strong> <strong>12h10<\/strong>, une conf\u00e9rence qui fait le lien entre la liturgie du dimanche \u00e0 venir et la vie spirituelle.<\/p>\n\n\n\n<ul class=\"wp-block-list\">\n<li><strong>Vendredi 20 f\u00e9vrier : <mark style=\"background-color:rgba(0, 0, 0, 0)\" class=\"has-inline-color has-vivid-cyan-blue-color\">J\u00e9sus au d\u00e9sert vu par les P\u00e8res de l&rsquo;\u00c9glise<\/mark><\/strong><\/li>\n\n\n\n<li><strong>Vendredi 27 f\u00e9vrier : <mark style=\"background-color:rgba(0, 0, 0, 0)\" class=\"has-inline-color has-vivid-cyan-blue-color\">Cet \u00e9vangile<\/mark><\/strong><\/li>\n\n\n\n<li><strong>Vendredi 6 mars : <mark style=\"background-color:rgba(0, 0, 0, 0)\" class=\"has-inline-color has-vivid-cyan-blue-color\">Sur l&rsquo;\u00e9vangile du dimanche<\/mark><\/strong><\/li>\n\n\n\n<li><strong>Vendredi 13 mars : <mark style=\"background-color:rgba(0, 0, 0, 0)\" class=\"has-inline-color has-vivid-cyan-blue-color\">Sur l&rsquo;\u00e9vangile du dimanche<\/mark><\/strong><\/li>\n\n\n\n<li><strong>Vendredi 20 mars : <mark style=\"background-color:rgba(0, 0, 0, 0)\" class=\"has-inline-color has-vivid-cyan-blue-color\">Sur l&rsquo;\u00e9vangile du dimanche<\/mark><\/strong><\/li>\n\n\n\n<li><strong>Vendredi 27 mars : <mark style=\"background-color:rgba(0, 0, 0, 0)\" class=\"has-inline-color has-vivid-cyan-blue-color\">Le Car\u00eame, pr\u00e9paration baptismale des cat\u00e9chum\u00e8nes<\/mark><\/strong><\/li>\n<\/ul>\n\n\n\n<p><em><span style=\"color:#0682ca\" class=\"has-inline-color\">Les conf\u00e9rences sont donn\u00e9es par des j\u00e9suites de la communaut\u00e9 de la rue Sala.<\/span><\/em><\/p>\n\n\n\n<figure class=\"wp-block-image size-large is-resized\"><img loading=\"lazy\" decoding=\"async\" width=\"1024\" height=\"724\" src=\"https:\/\/www.espace-saint-ignace.fr\/wp-content\/uploads\/2025\/07\/2025-CAREME-1-1024x724.jpg\" alt=\"\" class=\"wp-image-6432\" style=\"width:460px;height:auto\" srcset=\"https:\/\/www.espace-saint-ignace.fr\/wp-content\/uploads\/2025\/07\/2025-CAREME-1-1024x724.jpg 1024w, https:\/\/www.espace-saint-ignace.fr\/wp-content\/uploads\/2025\/07\/2025-CAREME-1-300x212.jpg 300w, https:\/\/www.espace-saint-ignace.fr\/wp-content\/uploads\/2025\/07\/2025-CAREME-1-768x543.jpg 768w, https:\/\/www.espace-saint-ignace.fr\/wp-content\/uploads\/2025\/07\/2025-CAREME-1-1536x1086.jpg 1536w, https:\/\/www.espace-saint-ignace.fr\/wp-content\/uploads\/2025\/07\/2025-CAREME-1.jpg 1754w\" sizes=\"auto, (max-width: 1024px) 100vw, 1024px\" \/><\/figure>\n\n\n\n<p>&#8212;&#8212;&#8212;&#8212;&#8212;&#8212;&#8211;<\/p>\n\n\n\n<h1 class=\"wp-block-heading titre-pole02\"><span style=\"background-color:rgba(0, 0, 0, 0);color:#080707\" class=\"has-inline-color\">PARCOURS BIBLIQUES<\/span><\/h1>\n\n\n\n<p><strong><em><span style=\"color:#c72424\" class=\"has-inline-color\">GROUPE BIBLIQUE<\/span><\/em><\/strong><\/p>\n\n\n\n<p><strong>10 mercredis<\/strong> \u00e0 <strong>19h30<\/strong>, 1 RDV par mois :<\/p>\n\n\n\n<p><strong><em><span style=\"color:#077cbf\" class=\"has-inline-color\">L&rsquo;\u00c9vangile de Jean<\/span><\/em><\/strong><\/p>\n\n\n\n<ul class=\"wp-block-list\">\n<li>24 sept \/ 15 oct. \/ 19 nov. \/ 17 d\u00e9c. \/ 21 janv. \/ 25 f\u00e9v. \/ 25 mars \/ 22 avril \/ 20 mai \/ 10 juin <\/li>\n<\/ul>\n\n\n\n<p><em>Avec <strong>Michel CORBIN<\/strong> sj, th\u00e9ologien<\/em><\/p>\n\n\n\n<p><strong><span style=\"color:#111111\" class=\"has-inline-color\">inscriptions :<\/span><\/strong><span style=\"color:#067fc5\" class=\"has-inline-color\"><strong> <em><a href=\"mailto:espacesaintignace@gmail.com\">espacesaintignace@gmail.com<\/a><\/em><\/strong><\/span><\/p>\n\n\n\n<figure class=\"wp-block-image size-large is-resized\"><img loading=\"lazy\" decoding=\"async\" width=\"1024\" height=\"724\" src=\"https:\/\/www.espace-saint-ignace.fr\/wp-content\/uploads\/2025\/07\/2025-CORBIN-1-1024x724.jpg\" alt=\"\" class=\"wp-image-6478\" style=\"width:466px;height:auto\" srcset=\"https:\/\/www.espace-saint-ignace.fr\/wp-content\/uploads\/2025\/07\/2025-CORBIN-1-1024x724.jpg 1024w, https:\/\/www.espace-saint-ignace.fr\/wp-content\/uploads\/2025\/07\/2025-CORBIN-1-300x212.jpg 300w, https:\/\/www.espace-saint-ignace.fr\/wp-content\/uploads\/2025\/07\/2025-CORBIN-1-768x543.jpg 768w, https:\/\/www.espace-saint-ignace.fr\/wp-content\/uploads\/2025\/07\/2025-CORBIN-1-1536x1086.jpg 1536w, https:\/\/www.espace-saint-ignace.fr\/wp-content\/uploads\/2025\/07\/2025-CORBIN-1.jpg 1754w\" sizes=\"auto, (max-width: 1024px) 100vw, 1024px\" \/><\/figure>\n\n\n\n<p>&#8212;&#8212;&#8212;&#8212;&#8212;&#8212;&#8211;<\/p>\n\n\n\n<p><strong><em><span style=\"color:#c72424\" class=\"has-inline-color\">GROUPE BIBLIQUE<\/span><\/em><\/strong><\/p>\n\n\n\n<p>Les psaumes sont sans doute le livre le plus lu, et pri\u00e9, de toute la Bible&nbsp;: dans les monast\u00e8res, par les pr\u00eatres, les religieux, et de plus en plus de la\u00efcs.<\/p>\n\n\n\n<p>&nbsp;&nbsp;&nbsp;&nbsp;&nbsp;&nbsp;&nbsp;&nbsp;&nbsp;&nbsp;&nbsp; Le Psautier a \u00e9t\u00e9 tr\u00e8s longtemps consid\u00e9r\u00e9 comme un recueil de 150 pri\u00e8res de tous genres rassembl\u00e9s vaille que vaille. Depuis 30 ou 40 ans, de plus en plus de chercheurs essaient de voir si ce livre ne serait pas compos\u00e9. Il l\u2019est en effet : chacun des cinq \u00ab livres \u00bb que le Psautier comprend est fortement architectur\u00e9. Ce qui, bien s\u00fbr, fait sens : un sens qui d\u00e9borde la somme des sens de chacune de ses pi\u00e8ces.<\/p>\n\n\n\n<p>&nbsp;&nbsp;&nbsp;&nbsp;&nbsp;&nbsp;&nbsp;&nbsp;&nbsp;&nbsp;&nbsp; C\u2019est ce genre nouveau de lecture qui sera pratiqu\u00e9 avec l\u2019auteur du dernier grand commentaire du Psautier de langue fran\u00e7aise en six volumes (traduit aussi en anglais et en italien).<\/p>\n\n\n\n<p><strong><mark style=\"background-color:rgba(0, 0, 0, 0)\" class=\"has-inline-color has-vivid-red-color\">9 samedis \u00e0 9h<\/mark>,<\/strong> 1 RDV par mois :<\/p>\n\n\n\n<p><strong><em><span style=\"color:#077cbf\" class=\"has-inline-color\">Premier livres des Psaumes<\/span><\/em><\/strong><\/p>\n\n\n\n<ul class=\"wp-block-list\">\n<li>11 oct. \/ 15 nov. \/ 13 d\u00e9c. \/ 24 jan. \/ 28 f\u00e9v. \/ 21 mars \/ 25 avril \/ 16 mai \/ 20 juin<\/li>\n<\/ul>\n\n\n\n<p><em>Avec <strong>Roland MEYNET<\/strong> sj, <\/em><\/p>\n\n\n\n<p>professeur \u00e9m\u00e9rite de th\u00e9ologie biblique de l\u2019Uni\u00adversit\u00e9 Pontificale Gr\u00e9gorienne \u2013 Rome<\/p>\n\n\n\n<p>Il a publi\u00e9, entre autres, un commentaire du troisi\u00e8me \u00e9vangile, <em>L\u2019\u00e9vangile de Luc<\/em> (Grand prix de philosophie de l\u2019Acad\u00e9mie fran\u00e7aise 2006)&nbsp;; du second, <em>L\u2019\u00e9vangile de Marc&nbsp;<\/em>; le <em>Trait\u00e9 de rh\u00e9torique biblique&nbsp;<\/em>; <em>Le Psautier. Cinqui\u00e8me livre (Ps 107\u2013150)&nbsp;<\/em>; <em>Le Psautier. Premier livre (Ps 1\u201341)&nbsp;; Le Psautier. Troisi\u00e8me livre (Ps 73\u201389)&nbsp;<\/em>; <em>Le Psautier. Deuxi\u00e8me livre (Ps 43\/43\u201372)&nbsp;<\/em>; <em>Le Psautier. Quatri\u00e8me livre (Ps 90\u2013106)&nbsp;<\/em>; <em>Le Psautier. L\u2019ensemble du livre des Louanges&nbsp;<\/em>;<em> Ruth&nbsp;<\/em>; <em>Le Cantique des cantiques&nbsp;<\/em>; <em>Qoh\u00e9let&nbsp;<\/em>; <em>Les lamen\u00adta\u00adtions&nbsp;<\/em>; <em>Esther&nbsp;<\/em>; <em>L\u2019ensemble des Cinq Rouleaux<\/em>.<\/p>\n\n\n\n<p>Il est Pr\u00e9sident de la \u00ab&nbsp;Soci\u00e9t\u00e9 internationale pour l\u2019\u00e9tude de la Rh\u00e9torique Biblique et S\u00e9mitique&nbsp;\u00bb qui fait partie de la Facult\u00e9 de th\u00e9ologie de l\u2019Universit\u00e9 Gr\u00e9gorienne&nbsp;;<\/p>\n\n\n\n<p>il dirige la collection \u00ab&nbsp;Rhetorica Biblica et Semitica&nbsp;\u00bb, collection de l\u2019Universit\u00e9 Gr\u00e9gorienne.<\/p>\n\n\n\n<p><a href=\"https:\/\/www.espace-saint-ignace.fr\/wp-content\/uploads\/2025\/09\/Meynet_Psautier_2-1er-livre.mp4\">VID\u00c9O<\/a><\/p>\n\n\n\n<p><strong><span style=\"color:#111111\" class=\"has-inline-color\">inscriptions :<\/span><\/strong><span style=\"color:#067fc5\" class=\"has-inline-color\"><strong> <em><a href=\"mailto:espacesaintignace@gmail.com\">espacesaintignace@gmail.com<\/a><\/em><\/strong><\/span><\/p>\n\n\n\n<figure class=\"wp-block-image size-large is-resized\"><img loading=\"lazy\" decoding=\"async\" width=\"1024\" height=\"724\" src=\"https:\/\/www.espace-saint-ignace.fr\/wp-content\/uploads\/2025\/07\/2025-MEYNET-1024x724.jpg\" alt=\"\" class=\"wp-image-6437\" style=\"aspect-ratio:1.4143646408839778;width:472px;height:auto\" srcset=\"https:\/\/www.espace-saint-ignace.fr\/wp-content\/uploads\/2025\/07\/2025-MEYNET-1024x724.jpg 1024w, https:\/\/www.espace-saint-ignace.fr\/wp-content\/uploads\/2025\/07\/2025-MEYNET-300x212.jpg 300w, https:\/\/www.espace-saint-ignace.fr\/wp-content\/uploads\/2025\/07\/2025-MEYNET-768x543.jpg 768w, https:\/\/www.espace-saint-ignace.fr\/wp-content\/uploads\/2025\/07\/2025-MEYNET-1536x1086.jpg 1536w, https:\/\/www.espace-saint-ignace.fr\/wp-content\/uploads\/2025\/07\/2025-MEYNET.jpg 1754w\" sizes=\"auto, (max-width: 1024px) 100vw, 1024px\" \/><\/figure>\n\n\n\n<p>&#8212;&#8212;&#8212;&#8212;&#8212;&#8212;&#8212;-<\/p>\n\n\n\n<p><strong><em><span style=\"color:#cb2222\" class=\"has-inline-color\">CONF\u00c9RENCE DE CAR\u00caME<\/span><\/em><\/strong><\/p>\n\n\n\n<p>En partenariat avec Saint Bonaventure<\/p>\n\n\n\n<p>Le temps de Dieu est le meilleur<\/p>\n\n\n\n<p>\u00c0 partir de la cantate <em>Actus Tragicus<\/em> BWV 106 de J. S. Bach<\/p>\n\n\n\n<ul class=\"wp-block-list\">\n<li><strong>Mercredi <mark style=\"background-color:rgba(0, 0, 0, 0)\" class=\"has-inline-color has-vivid-red-color\">11 <\/mark>mars de 18h \u00e0 21h30<\/strong><\/li>\n<\/ul>\n\n\n\n<p><em>Avec le P\u00e8re <strong>Philippe CHARRU sj<\/strong><\/em>, organiste titulaire honoraire de l&rsquo;\u00e9glise Saint-Ignace \u00e0 Paris<\/p>\n\n\n\n<p>D&rsquo; autres conf\u00e9rences sont propos\u00e9es : \u00e0 d\u00e9couvrir sur le site de Saint Bonaventure<\/p>\n\n\n\n<p><a href=\"https:\/\/www.saint-bonaventure.fr\/actualites\"> https:\/\/www.saint-bonaventure.fr\/actualites<\/a><\/p>\n\n\n\n<figure class=\"wp-block-image size-large is-resized\"><img loading=\"lazy\" decoding=\"async\" width=\"724\" height=\"1024\" src=\"https:\/\/www.espace-saint-ignace.fr\/wp-content\/uploads\/2026\/02\/2026-CHARRU-2-724x1024.jpg\" alt=\"\" class=\"wp-image-6793\" style=\"width:458px;height:auto\" srcset=\"https:\/\/www.espace-saint-ignace.fr\/wp-content\/uploads\/2026\/02\/2026-CHARRU-2-724x1024.jpg 724w, https:\/\/www.espace-saint-ignace.fr\/wp-content\/uploads\/2026\/02\/2026-CHARRU-2-212x300.jpg 212w, https:\/\/www.espace-saint-ignace.fr\/wp-content\/uploads\/2026\/02\/2026-CHARRU-2-768x1086.jpg 768w, https:\/\/www.espace-saint-ignace.fr\/wp-content\/uploads\/2026\/02\/2026-CHARRU-2-1086x1536.jpg 1086w, https:\/\/www.espace-saint-ignace.fr\/wp-content\/uploads\/2026\/02\/2026-CHARRU-2.jpg 1240w\" sizes=\"auto, (max-width: 724px) 100vw, 724px\" \/><\/figure>\n\n\n\n<p>&#8212;&#8212;&#8212;&#8212;&#8212;&#8212;&#8211;<\/p>\n\n\n\n<p><strong><em><span style=\"color:#cb2222\" class=\"has-inline-color\">CAT\u00c9CH\u00c8SE BIBLIQUE D&rsquo;ADULTES<\/span><\/em><\/strong><\/p>\n\n\n\n<p><strong>12 samedis  <\/strong>de 9h \u00e0 12h \u00e0 partir du <strong>13 septembre<\/strong> 2025<\/p>\n\n\n\n<p><em><strong><mark style=\"background-color:rgba(0, 0, 0, 0)\" class=\"has-inline-color has-vivid-cyan-blue-color\">4\u00e8me seuil<b> :<\/b><\/mark><\/strong><\/em><em style=\"\"><b> l&rsquo;\u00c9glise<\/b><\/em><\/p>\n\n\n\n<p><em>Avec le P\u00e8re <strong>Bruno de GABORY<\/strong> sj et <strong>Martine BUHRIG<\/strong><\/em><\/p>\n\n\n\n<p><strong><span style=\"color:#0f0f0f\" class=\"has-inline-color\">Inscriptions :<\/span><span style=\"color:#0382cc\" class=\"has-inline-color\"> <\/span><em><a href=\"mailto:bruno.degabory@jesuites.com\">bruno.degabory@jesuites.com<\/a><\/em><\/strong><\/p>\n\n\n\n<p><\/p>\n\n\n\n<p><\/p>\n\n\n\n<figure class=\"wp-block-image size-large is-resized\"><img loading=\"lazy\" decoding=\"async\" width=\"1024\" height=\"724\" src=\"https:\/\/www.espace-saint-ignace.fr\/wp-content\/uploads\/2025\/07\/2025-MESSAJE-1024x724.jpg\" alt=\"\" class=\"wp-image-6434\" style=\"width:460px;height:auto\" srcset=\"https:\/\/www.espace-saint-ignace.fr\/wp-content\/uploads\/2025\/07\/2025-MESSAJE-1024x724.jpg 1024w, https:\/\/www.espace-saint-ignace.fr\/wp-content\/uploads\/2025\/07\/2025-MESSAJE-300x212.jpg 300w, https:\/\/www.espace-saint-ignace.fr\/wp-content\/uploads\/2025\/07\/2025-MESSAJE-768x543.jpg 768w, https:\/\/www.espace-saint-ignace.fr\/wp-content\/uploads\/2025\/07\/2025-MESSAJE-1536x1086.jpg 1536w, https:\/\/www.espace-saint-ignace.fr\/wp-content\/uploads\/2025\/07\/2025-MESSAJE.jpg 1754w\" sizes=\"auto, (max-width: 1024px) 100vw, 1024px\" \/><\/figure>\n\n\n\n<h3 class=\"wp-block-heading\"><span style=\"background-color:rgba(0, 0, 0, 0);color:#cd0e0e\" class=\"has-inline-color\">\u2026sans oublier la possibilit\u00e9 de prier en ligne, chaque jour, avec :<\/span><\/h3>\n\n\n<p style=\"text-align: left;\"><a href=\"https:\/\/prieenchemin.org\/accueil\/\" target=\"_blank\" rel=\"noopener noreferrer\"><br \/><img loading=\"lazy\" decoding=\"async\" class=\"alignnone wp-image-912 size-thumbnail\" src=\"https:\/\/www.espace-saint-ignace.fr\/wp-content\/uploads\/2018\/08\/logo-prieenchemin-150x150.jpg\" alt=\"\" width=\"150\" height=\"150\" srcset=\"https:\/\/www.espace-saint-ignace.fr\/wp-content\/uploads\/2018\/08\/logo-prieenchemin-150x150.jpg 150w, https:\/\/www.espace-saint-ignace.fr\/wp-content\/uploads\/2018\/08\/logo-prieenchemin-100x100.jpg 100w, https:\/\/www.espace-saint-ignace.fr\/wp-content\/uploads\/2018\/08\/logo-prieenchemin-45x45.jpg 45w, https:\/\/www.espace-saint-ignace.fr\/wp-content\/uploads\/2018\/08\/logo-prieenchemin.jpg 250w\" sizes=\"auto, (max-width: 150px) 100vw, 150px\" \/><br \/><\/a><\/p>\n<p style=\"text-align: left;\">\n\n\n<p><a href=\"https:\/\/prieenchemin.org\/\">https:\/\/prieenchemin.org\/<\/a><\/p>\n\n\n\n<div class=\"wp-block-group\"><div class=\"wp-block-group__inner-container is-layout-flow wp-block-group-is-layout-flow\">\n<p><img loading=\"lazy\" decoding=\"async\" class=\"alignnone  wp-image-3620\" src=\"https:\/\/www.espace-saint-ignace.fr\/wp-content\/uploads\/2021\/01\/Vers-Dimanche-logo.jpg\" alt=\"\" width=\"212\" height=\"150\" srcset=\"https:\/\/www.espace-saint-ignace.fr\/wp-content\/uploads\/2021\/01\/Vers-Dimanche-logo.jpg 877w, https:\/\/www.espace-saint-ignace.fr\/wp-content\/uploads\/2021\/01\/Vers-Dimanche-logo-300x212.jpg 300w, https:\/\/www.espace-saint-ignace.fr\/wp-content\/uploads\/2021\/01\/Vers-Dimanche-logo-768x543.jpg 768w\" sizes=\"auto, (max-width: 212px) 100vw, 212px\" \/><\/p>\n<\/div><\/div>\n\n\n\n<p><a href=\"https:\/\/versdimanche.com\/\" target=\"_blank\" rel=\"noreferrer noopener\">https:\/\/versdimanche.com<\/a><\/p>\n","protected":false},"excerpt":{"rendered":"<p>EUCHARISTIE MESSE DU DIMANCHE SOIR SACREMENT DE R\u00c9CONCILIATION Un pr\u00eatre est disponible pour une \u00e9coute individuelle et pour le sacrement du Pardon. ACCOMPAGNEMENT PERSONNEL PRI\u00c8RE DE TAIZ\u00c9 contact : Alain Garcia &#8211; 06 13 31 29 28 TEMPS LITURGIQUE DE L&rsquo;AVENT TEMPS LITURGIQUE DU CAR\u00caME Juste apr\u00e8s la messe de 12h10, une conf\u00e9rence qui fait [&hellip;]<\/p>\n","protected":false},"author":1,"featured_media":0,"parent":0,"menu_order":0,"comment_status":"closed","ping_status":"closed","template":"","meta":{"footnotes":""},"class_list":["post-1252","page","type-page","status-publish","hentry"],"_links":{"self":[{"href":"https:\/\/www.espace-saint-ignace.fr\/index.php?rest_route=\/wp\/v2\/pages\/1252","targetHints":{"allow":["GET"]}}],"collection":[{"href":"https:\/\/www.espace-saint-ignace.fr\/index.php?rest_route=\/wp\/v2\/pages"}],"about":[{"href":"https:\/\/www.espace-saint-ignace.fr\/index.php?rest_route=\/wp\/v2\/types\/page"}],"author":[{"embeddable":true,"href":"https:\/\/www.espace-saint-ignace.fr\/index.php?rest_route=\/wp\/v2\/users\/1"}],"replies":[{"embeddable":true,"href":"https:\/\/www.espace-saint-ignace.fr\/index.php?rest_route=%2Fwp%2Fv2%2Fcomments&post=1252"}],"version-history":[{"count":382,"href":"https:\/\/www.espace-saint-ignace.fr\/index.php?rest_route=\/wp\/v2\/pages\/1252\/revisions"}],"predecessor-version":[{"id":6994,"href":"https:\/\/www.espace-saint-ignace.fr\/index.php?rest_route=\/wp\/v2\/pages\/1252\/revisions\/6994"}],"wp:attachment":[{"href":"https:\/\/www.espace-saint-ignace.fr\/index.php?rest_route=%2Fwp%2Fv2%2Fmedia&parent=1252"}],"curies":[{"name":"wp","href":"https:\/\/api.w.org\/{rel}","templated":true}]}}